{"id":108,"date":"2021-05-18T11:36:35","date_gmt":"2021-05-18T11:36:35","guid":{"rendered":"http:\/\/localhost\/wordpress\/home\/"},"modified":"2026-08-07T17:33:43","modified_gmt":"2026-08-07T23:33:43","slug":"home","status":"publish","type":"page","link":"https:\/\/www.enac.unam.mx\/wordpress\/","title":{"rendered":"Home"},"content":{"rendered":"\n\t\t\t\t<p class=\"rs-p-wp-fix\"><\/p>\n\t\t\t\t<sr7-module data-alias=\"slider-1\" data-id=\"1\" id=\"SR7_1_1\" class=\"rs-ov-hidden\" data-version=\"6.7.58\">\n\t\t\t\t\t<sr7-adjuster><\/sr7-adjuster>\n\t\t\t\t\t<sr7-content>\n\t\t\t\t\t\t<sr7-slide id=\"SR7_1_1-32\" data-key=\"32\">\n\t\t\t\t\t\t\t<sr7-bg id=\"SR7_1_1-32-14\" class=\"sr7-layer\"><noscript><img decoding=\"async\" src=\"https:\/\/www.enac.unam.mx\/wordpress\/wp-content\/uploads\/2026\/08\/fondo5-plomo-oscuro-unam.webp\" alt=\"\" title=\"fondo5-plomo-oscuro-unam\"><\/noscript><\/sr7-bg>\n\t\t\t\t\t\t\t<sr7-txt id=\"SR7_1_1-32-10\" class=\"sr7-layer\">Desempate Realizaci\u00f3n Documental<br \/>\n (2026-2027)<br \/>\n<\/sr7-txt>\n\t\t\t\t\t\t\t<sr7-txt id=\"SR7_1_1-32-11\" class=\"sr7-layer\">CALIFICACI\u00d3N Y VALIDEZ<\/sr7-txt>\n\t\t\t\t\t\t<\/sr7-slide>\n\t\t\t\t\t\t<sr7-slide id=\"SR7_1_1-38\" data-key=\"38\">\n\t\t\t\t\t\t\t<sr7-bg id=\"SR7_1_1-38-3\" class=\"sr7-layer\"><noscript><img decoding=\"async\" src=\"https:\/\/www.enac.unam.mx\/wordpress\/wp-content\/uploads\/2026\/08\/ChatGPT-Image-Aug-21-2026-04_53_46-PM.png\" alt=\"\" title=\"ChatGPT Image Aug 21, 2026, 04_53_46 PM\"><\/noscript><\/sr7-bg>\n\t\t\t\t\t\t<\/sr7-slide>\n\t\t\t\t\t\t<sr7-slide id=\"SR7_1_1-34\" data-key=\"34\">\n\t\t\t\t\t\t\t<sr7-bg id=\"SR7_1_1-34-11\" class=\"sr7-layer\"><noscript><img decoding=\"async\" src=\"https:\/\/www.enac.unam.mx\/wordpress\/wp-content\/uploads\/2026\/07\/fondo5-azul-unam.webp\" alt=\"\" title=\"fondo5-azul-unam\"><\/noscript><\/sr7-bg>\n\t\t\t\t\t\t\t<sr7-txt id=\"SR7_1_1-34-4\" class=\"sr7-layer\">AVISO A ASPIRANTES<\/sr7-txt>\n\t\t\t\t\t\t\t<sr7-txt id=\"SR7_1_1-34-8\" class=\"sr7-layer\">RESULTADOS E INSCRIPCIONES <br \/>\nA LA LICENCIATURA EN CINEMATOGRAF\u00cdA<\/sr7-txt>\n\t\t\t\t\t\t\t<sr7-txt id=\"SR7_1_1-34-9\" class=\"sr7-layer\">GENERACI\u00d3N 2026<\/sr7-txt>\n\t\t\t\t\t\t<\/sr7-slide>\n\t\t\t\t\t\t<sr7-slide id=\"SR7_1_1-37\" data-key=\"37\">\n\t\t\t\t\t\t\t<sr7-bg id=\"SR7_1_1-37-16\" class=\"sr7-layer\"><noscript><img decoding=\"async\" src=\"https:\/\/www.enac.unam.mx\/wordpress\/wp-content\/uploads\/2026\/08\/slide-azul-conv.webp\" alt=\"\" title=\"slide azul conv\"><\/noscript><\/sr7-bg>\n\t\t\t\t\t\t\t<sr7-txt id=\"SR7_1_1-37-10\" class=\"sr7-layer\">XIX CONCURSO <br \/>\nDE CARTEL PARA LA <\/sr7-txt>\n\t\t\t\t\t\t\t<sr7-txt id=\"SR7_1_1-37-11\" class=\"sr7-layer\">CONVOCATORIA<\/sr7-txt>\n\t\t\t\t\t\t\t<sr7-txt id=\"SR7_1_1-37-14\" class=\"sr7-layer\">MUESTRA F\u00cdLMICA ENAC 2026<\/sr7-txt>\n\t\t\t\t\t\t<\/sr7-slide>\n\t\t\t\t\t\t<sr7-slide id=\"SR7_1_1-2\" data-key=\"2\">\n\t\t\t\t\t\t<\/sr7-slide>\n\t\t\t\t\t<\/sr7-content>\n\t\t\t\t\t<image_lists style=\"display:none\">\n\t\t\t\t\t\t<img data-src=\"\/\/www.enac.unam.mx\/wordpress\/wp-content\/uploads\/2026\/08\/validez.png\" data-libid=\"4114\" data-lib=\"medialibrary\" title=\"validez\" width=\"0\" height=\"0\" data-dbsrc=\"Ly93d3cuZW5hYy51bmFtLm14L3dvcmRwcmVzcy93cC1jb250ZW50L3VwbG9hZHMvMjAyNi8wOC92YWxpZGV6LnBuZw==\"\/>\n\t\t\t\t\t\t<img data-src=\"\/\/www.enac.unam.mx\/wordpress\/wp-content\/uploads\/2026\/08\/fondo5-plomo-oscuro-unam.webp\" data-libid=\"4068\" data-lib=\"medialibrary\" title=\"fondo5-plomo-oscuro-unam\" width=\"0\" height=\"0\" data-dbsrc=\"Ly93d3cuZW5hYy51bmFtLm14L3dvcmRwcmVzcy93cC1jb250ZW50L3VwbG9hZHMvMjAyNi8wOC9mb25kbzUtcGxvbW8tb3NjdXJvLXVuYW0ud2VicA==\"\/>\n\t\t\t\t\t\t<img data-src=\"\/\/www.enac.unam.mx\/wordpress\/wp-content\/uploads\/2026\/08\/FONDO-azul-mobile.png\" data-libid=\"4109\" data-lib=\"medialibrary\" title=\"FONDO azul mobile\" width=\"0\" height=\"0\" data-dbsrc=\"Ly93d3cuZW5hYy51bmFtLm14L3dvcmRwcmVzcy93cC1jb250ZW50L3VwbG9hZHMvMjAyNi8wOC9GT05ETy1henVsLW1vYmlsZS5wbmc=\"\/>\n\t\t\t\t\t\t<img data-src=\"\/\/www.enac.unam.mx\/wordpress\/wp-content\/uploads\/2026\/07\/fondo5-azul-unam.webp\" data-libid=\"4008\" data-lib=\"medialibrary\" title=\"fondo5-azul-unam\" width=\"0\" height=\"0\" data-dbsrc=\"Ly93d3cuZW5hYy51bmFtLm14L3dvcmRwcmVzcy93cC1jb250ZW50L3VwbG9hZHMvMjAyNi8wNy9mb25kbzUtYXp1bC11bmFtLndlYnA=\"\/>\n\t\t\t\t\t\t<img data-src=\"\/\/www.enac.unam.mx\/wordpress\/wp-content\/uploads\/2026\/08\/fondo-mobile-azul-1.webp\" data-libid=\"4083\" data-lib=\"medialibrary\" title=\"fondo mobile azul (1)\" width=\"0\" height=\"0\" data-dbsrc=\"Ly93d3cuZW5hYy51bmFtLm14L3dvcmRwcmVzcy93cC1jb250ZW50L3VwbG9hZHMvMjAyNi8wOC9mb25kby1tb2JpbGUtYXp1bC0xLndlYnA=\"\/>\n\t\t\t\t\t\t<img data-src=\"\/\/www.enac.unam.mx\/wordpress\/wp-content\/uploads\/2026\/08\/slide-azul-conv.webp\" data-libid=\"4074\" data-lib=\"medialibrary\" title=\"slide azul conv\" width=\"0\" height=\"0\" data-dbsrc=\"Ly93d3cuZW5hYy51bmFtLm14L3dvcmRwcmVzcy93cC1jb250ZW50L3VwbG9hZHMvMjAyNi8wOC9zbGlkZS1henVsLWNvbnYud2VicA==\"\/>\n\t\t\t\t\t\t<img data-src=\"\/\/www.enac.unam.mx\/wordpress\/wp-content\/uploads\/2026\/08\/IMG_3290.png\" data-libid=\"4115\" data-lib=\"medialibrary\" title=\"IMG_3290\" width=\"0\" height=\"0\" data-dbsrc=\"Ly93d3cuZW5hYy51bmFtLm14L3dvcmRwcmVzcy93cC1jb250ZW50L3VwbG9hZHMvMjAyNi8wOC9JTUdfMzI5MC5wbmc=\"\/>\n\t\t\t\t\t\t<img data-src=\"\/\/www.enac.unam.mx\/wordpress\/wp-content\/uploads\/2026\/08\/ChatGPT-Image-Aug-21-2026-04_53_46-PM.png\" data-libid=\"4118\" data-lib=\"medialibrary\" title=\"ChatGPT Image Aug 21, 2026, 04_53_46 PM\" width=\"0\" height=\"0\" data-dbsrc=\"Ly93d3cuZW5hYy51bmFtLm14L3dvcmRwcmVzcy93cC1jb250ZW50L3VwbG9hZHMvMjAyNi8wOC9DaGF0R1BULUltYWdlLUF1Zy0yMS0yMDI2LTA0XzUzXzQ2LVBNLnBuZw==\"\/>\n\t\t\t\t\t<\/image_lists>\n\t\t\t\t<\/sr7-module>\n\t\t\t\t<script>\n\t\t\t\t\twindow.SR7 ??={};SR7.PMH ??={}; SR7.PMH[\"SR7_1_1\"] = {cn:100,state:false,fn: function() { if (window._tpt!==undefined && window._tpt.prepareModuleHeight !== undefined) {  _tpt.prepareModuleHeight({id:\"SR7_1_1\",el:[800,800,600,960,720],type:'standard',shdw:'0',gh:[800,800,600,960,720],gw:[1240,1240,1024,778,480],vpt:['-100px&#039;,&#039;-100px&#039;,&#039;-100px&#039;,&#039;-100px&#039;,&#039;-100px'],size:{fullWidth:true, fullHeight:false},mh:'0',onh:0,onw:0,bg:{color:'{\"orig\":\"transparent\",\"type\":\"solid\",\"string\":\"transparent\"}'}});   SR7.PMH[\"SR7_1_1\"].state=true;} else if(SR7.PMH[\"SR7_1_1\"].cn-->0)\tsetTimeout( SR7.PMH[\"SR7_1_1\"].fn,19);}};SR7.PMH[\"SR7_1_1\" ].fn();\n\t\t\t\t<\/script>\n\n\n\n\n<div style=\"height:36px\" aria-hidden=\"true\" class=\"wp-block-spacer\"><\/div>\n\n\n\n<div class=\"wp-block-uagb-container uagb-block-8a348778 alignwide uagb-is-root-container\">\n<h2 class=\"wp-block-heading\">Oferta acad\u00e9mica<\/h2>\n\n\n\n<hr class=\"wp-block-separator has-text-color has-ast-global-color-1-color has-alpha-channel-opacity has-ast-global-color-1-background-color has-background is-style-wide\"\/>\n\n\n\n<p class=\"wp-block-paragraph\">La Escuela Nacional de Artes Cinematogr\u00e1ficas ofrece una formaci\u00f3n integral con la Licenciatura en Cinematograf\u00eda, la Maestr\u00eda en Cine Documental y el Doctorado en Cine Documental. Nuestros programas combinan teor\u00eda, pr\u00e1ctica y creatividad para formar cineastas con una visi\u00f3n \u00fanica.<\/p>\n\n\n\n<div class=\"wp-block-uagb-container uagb-block-bfrpufyz alignfull uagb-is-root-container\"><div class=\"uagb-container-inner-blocks-wrap\">\n<div class=\"wp-block-uagb-container uagb-block-89ynsap4\">\n<div class=\"wp-block-uagb-image alignleft uagb-block-w3iynyfa wp-block-uagb-image--layout-default wp-block-uagb-image--effect-static wp-block-uagb-image--align-left\"><figure class=\"wp-block-uagb-image__figure\"><a class=\"\" href=\"https:\/\/www.enac.unam.mx\/wordpress\/licenciatura-en-cinematografia\/\" target=\"\" rel=\"noopener\"><img decoding=\"async\" data-src=\"https:\/\/www.enac.unam.mx\/wordpress\/wp-content\/uploads\/2025\/08\/licenciatura-cinematografia.png\" alt=\"\" class=\"uag-image-2486 lazyload\" width=\"352\" height=\"260\" title=\"licenciatura cinematografia\" role=\"img\" src=\"data:image\/svg+xml;base64,PHN2ZyB3aWR0aD0iMSIgaGVpZ2h0PSIxIiB4bWxucz0iaHR0cDovL3d3dy53My5vcmcvMjAwMC9zdmciPjwvc3ZnPg==\" style=\"--smush-placeholder-width: 352px; --smush-placeholder-aspect-ratio: 352\/260;\" \/><\/a><\/figure><\/div>\n\n\n\n<div class=\"wp-block-uagb-info-box uagb-block-ogrxoejz uagb-infobox__content-wrap  uagb-infobox_cta-type-all uagb-infobox-icon-above-title uagb-infobox-image-valign-top\"><a href=\"https:\/\/www.enac.unam.mx\/wordpress\/licenciatura-en-cinematografia\/\" class=\"uagb-infobox-link-wrap uagb-infbox__link-to-all\" target=\"_self\" aria-label=\"Infobox Link\" rel=\"noopener noreferrer\" onclick=\"return true;\"><\/a><div class=\"uagb-ifb-content\"><div class=\"uagb-ifb-title-wrap\"><h3 class=\"uagb-ifb-title\">Licenciatura en Cinematograf\u00eda<\/h3><\/div><div class=\"uagb-ifb-button-wrapper wp-block-button\"><\/div><\/div><\/div>\n<\/div>\n\n\n\n<div class=\"wp-block-uagb-container uagb-block-sbfb6q4z\">\n<div class=\"wp-block-uagb-image alignleft uagb-block-hdarphv5 wp-block-uagb-image--layout-default wp-block-uagb-image--effect-static wp-block-uagb-image--align-left\"><figure class=\"wp-block-uagb-image__figure\"><a class=\"\" href=\"https:\/\/www.enac.unam.mx\/wordpress\/maestria-en-cine-documental\/\" target=\"\" rel=\"noopener\"><img decoding=\"async\" data-src=\"https:\/\/www.enac.unam.mx\/wordpress\/wp-content\/uploads\/2025\/08\/DSC_8270-1.jpg\" alt=\"\" class=\"uag-image-2480 lazyload\" width=\"352\" height=\"260\" title=\"DSC_8270 (1)\" role=\"img\" src=\"data:image\/svg+xml;base64,PHN2ZyB3aWR0aD0iMSIgaGVpZ2h0PSIxIiB4bWxucz0iaHR0cDovL3d3dy53My5vcmcvMjAwMC9zdmciPjwvc3ZnPg==\" style=\"--smush-placeholder-width: 352px; --smush-placeholder-aspect-ratio: 352\/260;\" \/><\/a><\/figure><\/div>\n\n\n\n<div class=\"wp-block-uagb-info-box uagb-block-4d35ykcj uagb-infobox__content-wrap  uagb-infobox_cta-type-all uagb-infobox-icon-above-title uagb-infobox-image-valign-top\"><a href=\"https:\/\/www.enac.unam.mx\/wordpress\/maestria-en-cine-documental\/\" class=\"uagb-infobox-link-wrap uagb-infbox__link-to-all\" target=\"_self\" aria-label=\"Infobox Link\" rel=\"noopener noreferrer\" onclick=\"return true;\"><\/a><div class=\"uagb-ifb-content\"><div class=\"uagb-ifb-title-wrap\"><h3 class=\"uagb-ifb-title\">Maestr\u00eda <br>en Cine Documental<\/h3><\/div><div class=\"uagb-ifb-button-wrapper wp-block-button\"><\/div><\/div><\/div>\n<\/div>\n\n\n\n<div class=\"wp-block-uagb-container uagb-block-rniat2qi\">\n<div class=\"wp-block-uagb-image alignleft uagb-block-gryr9txr wp-block-uagb-image--layout-default wp-block-uagb-image--effect-static wp-block-uagb-image--align-left\"><figure class=\"wp-block-uagb-image__figure\"><a class=\"\" href=\"https:\/\/www.enac.unam.mx\/wordpress\/doctorado-en-artes-y-diseno\/\" target=\"\" rel=\"noopener\"><img decoding=\"async\" data-src=\"https:\/\/www.enac.unam.mx\/wordpress\/wp-content\/uploads\/2025\/08\/inicio-doctorado.jpg\" alt=\"\" class=\"uag-image-2483 lazyload\" width=\"352\" height=\"260\" title=\"inicio doctorado\" role=\"img\" src=\"data:image\/svg+xml;base64,PHN2ZyB3aWR0aD0iMSIgaGVpZ2h0PSIxIiB4bWxucz0iaHR0cDovL3d3dy53My5vcmcvMjAwMC9zdmciPjwvc3ZnPg==\" style=\"--smush-placeholder-width: 352px; --smush-placeholder-aspect-ratio: 352\/260;\" \/><\/a><\/figure><\/div>\n\n\n\n<div class=\"wp-block-uagb-info-box uagb-block-p6b0a1gs uagb-infobox__content-wrap  uagb-infobox_cta-type-all uagb-infobox-icon-above-title uagb-infobox-image-valign-top\"><a href=\"https:\/\/www.enac.unam.mx\/wordpress\/doctorado-en-artes-y-diseno\/\" class=\"uagb-infobox-link-wrap uagb-infbox__link-to-all\" target=\"_self\" aria-label=\"Infobox Link\" rel=\"noopener noreferrer\" onclick=\"return true;\"><\/a><div class=\"uagb-ifb-content\"><div class=\"uagb-ifb-title-wrap\"><h3 class=\"uagb-ifb-title\">Doctorado <br>en Artes y Dise\u00f1o<br> (Cine Documental)<\/h3><\/div><div class=\"uagb-ifb-button-wrapper wp-block-button\"><\/div><\/div><\/div>\n<\/div>\n<\/div><\/div>\n<\/div>\n\n\n\n<div style=\"height:50px\" aria-hidden=\"true\" class=\"wp-block-spacer\"><\/div>\n\n\n\n\n\n\n\n\n\n<hr class=\"wp-block-separator has-text-color has-ast-global-color-1-color has-alpha-channel-opacity has-ast-global-color-1-background-color has-background is-style-wide\"\/>\n\n\n\n<h2 class=\"wp-block-heading\">Actividades<\/h2>\n\n\n<div id=\"mec_skin_mec1\" class=\"mec-wrap colorskin-custom  \">\r\n\r\n    \r\n    <div class=\"mec-tile\">\r\n        <div class=\"mec-calendar-topsec\">\r\n            <div class=\"mec-clear\">\r\n                                <div class=\"mec-skin-tile-month-navigator-container\">\r\n                    <div class=\"mec-month-navigator\" id=\"mec_month_navigator_mec1_202608\"><div class=\"mec-previous-month mec-load-month mec-previous-month\" data-mec-year=\"2026\" data-mec-month=\"07\"><a href=\"#\" class=\"mec-load-month-link\"><i class=\"mec-sl-angle-left\"><\/i> julio<\/a><\/div><div class=\"mec-calendar-header\"><h2>agosto 2026<\/h2><\/div><div class=\"mec-next-month mec-load-month mec-next-month\" data-mec-year=\"2026\" data-mec-month=\"09\"><a href=\"#\" class=\"mec-load-month-link\">septiembre <i class=\"mec-sl-angle-right\"><\/i><\/a><\/div><\/div>\r\n                <\/div>\r\n                \r\n                <div class=\"mec-calendar-table\" id=\"mec_skin_events_mec1\">\r\n                                            <div class=\"mec-month-container mec-month-container-selected\" id=\"mec_tile_month_mec1_202608\" data-month-id=\"202608\"><div class=\"mec-wrap colorskin-custom\">\r\n    <div class=\"mec-event-tile-view\">\r\n            <\/div>\r\n    <\/div>\r\n<\/div>\r\n                                    <\/div>\r\n\r\n                            <\/div>\r\n        <\/div>\r\n    <\/div>\r\n\r\n    \r\n<\/div>\r\n\n\n\n\n<div class=\"wp-block-uagb-buttons uagb-buttons__outer-wrap uagb-btn__default-btn uagb-btn-tablet__default-btn uagb-btn-mobile__default-btn uagb-block-4519d83e\"><div class=\"uagb-buttons__wrap uagb-buttons-layout-wrap \">\n<div class=\"wp-block-uagb-buttons-child uagb-buttons__outer-wrap uagb-block-663342a9 wp-block-button\"><div class=\"uagb-button__wrapper\"><a class=\"uagb-buttons-repeater wp-block-button__link\" aria-label=\"\" href=\"https:\/\/www.enac.unam.mx\/wordpress\/actividades\/\" rel=\"follow noopener\" target=\"_self\" role=\"button\"><div class=\"uagb-button__link\">Calendario mensual<\/div><\/a><\/div><\/div>\n<\/div><\/div>\n\n\n\n<div style=\"height:50px\" aria-hidden=\"true\" class=\"wp-block-spacer\"><\/div>\n\n\n\n<h2 class=\"wp-block-heading\">Temas de inter\u00e9s<\/h2>\n\n\n\n<hr class=\"wp-block-separator has-text-color has-ast-global-color-1-color has-alpha-channel-opacity has-ast-global-color-1-background-color has-background is-style-wide\"\/>\n\n\n\n<div class=\"wp-block-uagb-icon-list uagb-block-f91d1784\"><div class=\"uagb-icon-list__wrap\">\n<div class=\"wp-block-uagb-icon-list-child uagb-block-69c7a362\"><a target=\"_self\" aria-label=\"Convocatorias\" rel=\"noopener noreferrer\" href=\"https:\/\/www.enac.unam.mx\/wordpress\/category\/convocatoria\/\"> <\/a><span class=\"uagb-icon-list__source-wrap\"><svg xmlns=\"https:\/\/www.w3.org\/2000\/svg\" viewBox=\"0 0 256 512\"><path d=\"M64 448c-8.188 0-16.38-3.125-22.62-9.375c-12.5-12.5-12.5-32.75 0-45.25L178.8 256L41.38 118.6c-12.5-12.5-12.5-32.75 0-45.25s32.75-12.5 45.25 0l160 160c12.5 12.5 12.5 32.75 0 45.25l-160 160C80.38 444.9 72.19 448 64 448z\"><\/path><\/svg><\/span><span class=\"uagb-icon-list__label\"><strong>Convocatorias<\/strong><\/span><\/div>\n\n\n\n<div class=\"wp-block-uagb-icon-list-child uagb-block-6d4ebcb7\"><a target=\"_self\" aria-label=\"Educaci\u00f3n continua\" rel=\"noopener noreferrer\" href=\"https:\/\/linktr.ee\/educacioncontinuaenac\"> <\/a><span class=\"uagb-icon-list__source-wrap\"><svg xmlns=\"https:\/\/www.w3.org\/2000\/svg\" viewBox=\"0 0 256 512\"><path d=\"M64 448c-8.188 0-16.38-3.125-22.62-9.375c-12.5-12.5-12.5-32.75 0-45.25L178.8 256L41.38 118.6c-12.5-12.5-12.5-32.75 0-45.25s32.75-12.5 45.25 0l160 160c12.5 12.5 12.5 32.75 0 45.25l-160 160C80.38 444.9 72.19 448 64 448z\"><\/path><\/svg><\/span><span class=\"uagb-icon-list__label\"><strong>Educaci\u00f3n continua<\/strong><\/span><\/div>\n\n\n\n<div class=\"wp-block-uagb-icon-list-child uagb-block-95c9f26e\"><a target=\"_self\" aria-label=\"Noticias\" rel=\"noopener noreferrer\" href=\"https:\/\/www.enac.unam.mx\/wordpress\/category\/noticias\/\"> <\/a><span class=\"uagb-icon-list__source-wrap\"><svg xmlns=\"https:\/\/www.w3.org\/2000\/svg\" viewBox=\"0 0 256 512\"><path d=\"M64 448c-8.188 0-16.38-3.125-22.62-9.375c-12.5-12.5-12.5-32.75 0-45.25L178.8 256L41.38 118.6c-12.5-12.5-12.5-32.75 0-45.25s32.75-12.5 45.25 0l160 160c12.5 12.5 12.5 32.75 0 45.25l-160 160C80.38 444.9 72.19 448 64 448z\"><\/path><\/svg><\/span><span class=\"uagb-icon-list__label\"><strong>Noticias<\/strong><\/span><\/div>\n\n\n\n<div class=\"wp-block-uagb-icon-list-child uagb-block-35a0ee8d\"><a target=\"_self\" aria-label=\"Muestra F\u00edlmica 2025\" rel=\"noopener noreferrer\" href=\"https:\/\/www.enac.unam.mx\/wordpress\/muestra-filmica-2025\/\"> <\/a><span class=\"uagb-icon-list__source-wrap\"><svg xmlns=\"https:\/\/www.w3.org\/2000\/svg\" viewBox=\"0 0 256 512\"><path d=\"M64 448c-8.188 0-16.38-3.125-22.62-9.375c-12.5-12.5-12.5-32.75 0-45.25L178.8 256L41.38 118.6c-12.5-12.5-12.5-32.75 0-45.25s32.75-12.5 45.25 0l160 160c12.5 12.5 12.5 32.75 0 45.25l-160 160C80.38 444.9 72.19 448 64 448z\"><\/path><\/svg><\/span><span class=\"uagb-icon-list__label\"><strong>Muestra F\u00edlmica 2025<\/strong><\/span><\/div>\n\n\n\n<div class=\"wp-block-uagb-icon-list-child uagb-block-336f636c\"><a target=\"_self\" aria-label=\"C\u00e1tedra Extraordinaria Trata de Personas y Violencias\u00a0\" rel=\"noopener noreferrer\" href=\"https:\/\/www.enac.unam.mx\/wordpress\/catedra-extraordinaria-trata-de-personas-y-violencias-personas-y-violencias\/\"> <\/a><span class=\"uagb-icon-list__source-wrap\"><svg xmlns=\"https:\/\/www.w3.org\/2000\/svg\" viewBox=\"0 0 256 512\"><path d=\"M64 448c-8.188 0-16.38-3.125-22.62-9.375c-12.5-12.5-12.5-32.75 0-45.25L178.8 256L41.38 118.6c-12.5-12.5-12.5-32.75 0-45.25s32.75-12.5 45.25 0l160 160c12.5 12.5 12.5 32.75 0 45.25l-160 160C80.38 444.9 72.19 448 64 448z\"><\/path><\/svg><\/span><span class=\"uagb-icon-list__label\"><strong>C\u00e1tedra Extraordinaria Trata de Personas y Violencias\u00a0<\/strong><\/span><\/div>\n<\/div><\/div>\n\n\n\n<div style=\"height:50px\" aria-hidden=\"true\" class=\"wp-block-spacer\"><\/div>\n\n\n\n<h2 class=\"wp-block-heading\">Comunidad ENAC<\/h2>\n\n\n\n<hr class=\"wp-block-separator has-text-color has-ast-global-color-1-color has-alpha-channel-opacity has-ast-global-color-1-background-color has-background is-style-wide\"\/>\n\n\n\n<div class=\"wp-block-uagb-container uagb-block-f66200e7 alignwide uagb-is-root-container\">\n\t\t\t<div class=\"wp-block-uagb-post-grid uagb-post-grid  uagb-post__image-position-top uagb-post__image-enabled uagb-block-590484eb     uagb-post__items uagb-post__columns-3 is-grid uagb-post__columns-tablet-2 uagb-post__columns-mobile-1 uagb-post__equal-height\" data-total=\"5\" style=\"\">\n\n\t\t\t\t\t\t\t\t\t\t\t\t<article class=\"uagb-post__inner-wrap\">\t\t\t\t\t\t\t\t<div class='uagb-post__image'>\n\t\t\t\t\t\t\t\t\t<a href=\"https:\/\/www.enac.unam.mx\/wordpress\/juan-mora-catlett-recibe-la-distincion-de-profesor-emerito-de-la-unam\/\" target=\"_self\" rel=\"bookmark noopener noreferrer\" class='uagb-image-ratio-inherit'><img decoding=\"async\" width=\"686\" height=\"386\" data-src=\"https:\/\/www.enac.unam.mx\/wordpress\/wp-content\/uploads\/2026\/05\/juan-mora-catlett.jpg\" class=\"attachment-large size-large lazyload\" alt=\"\" data-srcset=\"https:\/\/www.enac.unam.mx\/wordpress\/wp-content\/uploads\/2026\/05\/juan-mora-catlett.jpg 686w, https:\/\/www.enac.unam.mx\/wordpress\/wp-content\/uploads\/2026\/05\/juan-mora-catlett-300x169.jpg 300w\" data-sizes=\"(max-width: 686px) 100vw, 686px\" src=\"data:image\/svg+xml;base64,PHN2ZyB3aWR0aD0iMSIgaGVpZ2h0PSIxIiB4bWxucz0iaHR0cDovL3d3dy53My5vcmcvMjAwMC9zdmciPjwvc3ZnPg==\" style=\"--smush-placeholder-width: 686px; --smush-placeholder-aspect-ratio: 686\/386;\" \/>\t\t\t\t\t<\/a>\n\t\t\t\t\t\t\t<\/div>\n\t\t\t\t\t\t<h4 class=\"uagb-post__title uagb-post__text\">\n\t\t\t\t<a href=\"https:\/\/www.enac.unam.mx\/wordpress\/juan-mora-catlett-recibe-la-distincion-de-profesor-emerito-de-la-unam\/\" target=\"_self\" rel=\"bookmark noopener noreferrer\">Juan Mora Catlett recibe la distinci\u00f3n de Profesor Em\u00e9rito de la UNAM<\/a>\n\t\t\t<\/h4>\n\t\t\t\t\t\t<div class='uagb-post__text uagb-post-grid-byline'>\n\t\t\t\t\t\t\t\t<time datetime=\"2026-05-11T21:38:55-06:00\" class=\"uagb-post__date\">\n\t\t\t\t<span class=\"dashicons-calendar dashicons\"><\/span>\t\t\t\t\t11 mayo, 2026\t\t\t\t<\/time>\n\t\t\t\t\t\t<\/div>\n\t\t\t\t\t\t\t<div class='uagb-post__text uagb-post__excerpt'>\n\t\t\t\t\t<p>El profesor Juan Mora Catlett recibi\u00f3, por parte del pleno del Consejo Universitario de la&#8230;\t\t\t\t<\/div>\n\t\t\t\t\t\t<div class=\"uagb-post__text uagb-post__cta wp-block-button\">\n\t\t\t\t<a class=\"wp-block-button__link uagb-text-link\" style=\"\" href=\"https:\/\/www.enac.unam.mx\/wordpress\/juan-mora-catlett-recibe-la-distincion-de-profesor-emerito-de-la-unam\/\" target=\"_self\" rel=\"bookmark noopener noreferrer\">Leer m\u00e1s<\/a>\n\t\t\t<\/div>\n\t\t\t\n\t\t\t\t\t\t\t\t\t<\/article>\n\t\t\t\t\t\t\t\t\t\t\t\t\t\t\t\t<article class=\"uagb-post__inner-wrap\">\t\t\t\t\t\t\t\t<div class='uagb-post__image'>\n\t\t\t\t\t\t\t\t\t<a href=\"https:\/\/www.enac.unam.mx\/wordpress\/egresada-de-la-enac-obtiene-la-beca-jenkins-del-toro-2026\/\" target=\"_self\" rel=\"bookmark noopener noreferrer\" class='uagb-image-ratio-inherit'><img decoding=\"async\" width=\"1024\" height=\"672\" data-src=\"https:\/\/www.enac.unam.mx\/wordpress\/wp-content\/uploads\/2026\/04\/Foto_1-1024x672.jpg\" class=\"attachment-large size-large lazyload\" alt=\"\" data-srcset=\"https:\/\/www.enac.unam.mx\/wordpress\/wp-content\/uploads\/2026\/04\/Foto_1-1024x672.jpg 1024w, https:\/\/www.enac.unam.mx\/wordpress\/wp-content\/uploads\/2026\/04\/Foto_1-300x197.jpg 300w, https:\/\/www.enac.unam.mx\/wordpress\/wp-content\/uploads\/2026\/04\/Foto_1-768x504.jpg 768w, https:\/\/www.enac.unam.mx\/wordpress\/wp-content\/uploads\/2026\/04\/Foto_1-1536x1008.jpg 1536w, https:\/\/www.enac.unam.mx\/wordpress\/wp-content\/uploads\/2026\/04\/Foto_1.jpg 1557w\" data-sizes=\"(max-width: 1024px) 100vw, 1024px\" src=\"data:image\/svg+xml;base64,PHN2ZyB3aWR0aD0iMSIgaGVpZ2h0PSIxIiB4bWxucz0iaHR0cDovL3d3dy53My5vcmcvMjAwMC9zdmciPjwvc3ZnPg==\" style=\"--smush-placeholder-width: 1024px; --smush-placeholder-aspect-ratio: 1024\/672;\" \/>\t\t\t\t\t<\/a>\n\t\t\t\t\t\t\t<\/div>\n\t\t\t\t\t\t<h4 class=\"uagb-post__title uagb-post__text\">\n\t\t\t\t<a href=\"https:\/\/www.enac.unam.mx\/wordpress\/egresada-de-la-enac-obtiene-la-beca-jenkins-del-toro-2026\/\" target=\"_self\" rel=\"bookmark noopener noreferrer\">Egresada de la ENAC obtiene la Beca Jenkins\u2013Del Toro 2026<\/a>\n\t\t\t<\/h4>\n\t\t\t\t\t\t<div class='uagb-post__text uagb-post-grid-byline'>\n\t\t\t\t\t\t\t\t<time datetime=\"2026-04-17T19:55:20-06:00\" class=\"uagb-post__date\">\n\t\t\t\t<span class=\"dashicons-calendar dashicons\"><\/span>\t\t\t\t\t17 abril, 2026\t\t\t\t<\/time>\n\t\t\t\t\t\t<\/div>\n\t\t\t\t\t\t\t<div class='uagb-post__text uagb-post__excerpt'>\n\t\t\t\t\t<p>Antonia Sof\u00eda Silva Alvarado, egresada de la generaci\u00f3n 2017 de la Escuela Nacional de Artes&#8230;\t\t\t\t<\/div>\n\t\t\t\t\t\t<div class=\"uagb-post__text uagb-post__cta wp-block-button\">\n\t\t\t\t<a class=\"wp-block-button__link uagb-text-link\" style=\"\" href=\"https:\/\/www.enac.unam.mx\/wordpress\/egresada-de-la-enac-obtiene-la-beca-jenkins-del-toro-2026\/\" target=\"_self\" rel=\"bookmark noopener noreferrer\">Leer m\u00e1s<\/a>\n\t\t\t<\/div>\n\t\t\t\n\t\t\t\t\t\t\t\t\t<\/article>\n\t\t\t\t\t\t\t\t\t\t\t\t\t\t\t\t<article class=\"uagb-post__inner-wrap\">\t\t\t\t\t\t\t\t<div class='uagb-post__image'>\n\t\t\t\t\t\t\t\t\t<a href=\"https:\/\/www.enac.unam.mx\/wordpress\/mickey-obtiene-premio-del-publico-en-sxsw\/\" target=\"_self\" rel=\"bookmark noopener noreferrer\" class='uagb-image-ratio-inherit'><img decoding=\"async\" width=\"1024\" height=\"576\" data-src=\"https:\/\/www.enac.unam.mx\/wordpress\/wp-content\/uploads\/2026\/04\/Mickey-still-1-1024x576.jpg\" class=\"attachment-large size-large lazyload\" alt=\"\" data-srcset=\"https:\/\/www.enac.unam.mx\/wordpress\/wp-content\/uploads\/2026\/04\/Mickey-still-1-1024x576.jpg 1024w, https:\/\/www.enac.unam.mx\/wordpress\/wp-content\/uploads\/2026\/04\/Mickey-still-1-300x169.jpg 300w, https:\/\/www.enac.unam.mx\/wordpress\/wp-content\/uploads\/2026\/04\/Mickey-still-1-768x432.jpg 768w, https:\/\/www.enac.unam.mx\/wordpress\/wp-content\/uploads\/2026\/04\/Mickey-still-1-1536x864.jpg 1536w, https:\/\/www.enac.unam.mx\/wordpress\/wp-content\/uploads\/2026\/04\/Mickey-still-1.jpg 1920w\" data-sizes=\"(max-width: 1024px) 100vw, 1024px\" src=\"data:image\/svg+xml;base64,PHN2ZyB3aWR0aD0iMSIgaGVpZ2h0PSIxIiB4bWxucz0iaHR0cDovL3d3dy53My5vcmcvMjAwMC9zdmciPjwvc3ZnPg==\" style=\"--smush-placeholder-width: 1024px; --smush-placeholder-aspect-ratio: 1024\/576;\" \/>\t\t\t\t\t<\/a>\n\t\t\t\t\t\t\t<\/div>\n\t\t\t\t\t\t<h4 class=\"uagb-post__title uagb-post__text\">\n\t\t\t\t<a href=\"https:\/\/www.enac.unam.mx\/wordpress\/mickey-obtiene-premio-del-publico-en-sxsw\/\" target=\"_self\" rel=\"bookmark noopener noreferrer\">&#8220;Mickey&#8221; obtiene Premio del P\u00fablico en SXSW<\/a>\n\t\t\t<\/h4>\n\t\t\t\t\t\t<div class='uagb-post__text uagb-post-grid-byline'>\n\t\t\t\t\t\t\t\t<time datetime=\"2026-04-03T19:41:12-06:00\" class=\"uagb-post__date\">\n\t\t\t\t<span class=\"dashicons-calendar dashicons\"><\/span>\t\t\t\t\t3 abril, 2026\t\t\t\t<\/time>\n\t\t\t\t\t\t<\/div>\n\t\t\t\t\t\t\t<div class='uagb-post__text uagb-post__excerpt'>\n\t\t\t\t\t<p>La pel\u00edcula Mickey, dirigida por Dano Garc\u00eda, obtuvo el Premio del P\u00fablico en el SXSW&#8230;\t\t\t\t<\/div>\n\t\t\t\t\t\t<div class=\"uagb-post__text uagb-post__cta wp-block-button\">\n\t\t\t\t<a class=\"wp-block-button__link uagb-text-link\" style=\"\" href=\"https:\/\/www.enac.unam.mx\/wordpress\/mickey-obtiene-premio-del-publico-en-sxsw\/\" target=\"_self\" rel=\"bookmark noopener noreferrer\">Leer m\u00e1s<\/a>\n\t\t\t<\/div>\n\t\t\t\n\t\t\t\t\t\t\t\t\t<\/article>\n\t\t\t\t\t\t\t\t\t\t\t<\/div>\n\t\t\t<\/div>\n\n\n\n<div style=\"height:100px\" aria-hidden=\"true\" class=\"wp-block-spacer\"><\/div>\n","protected":false},"excerpt":{"rendered":"<p>Oferta acad\u00e9mica La Escuela Nacional de Artes Cinematogr\u00e1ficas ofrece una formaci\u00f3n integral con la Licenciatura en Cinematograf\u00eda, la Maestr\u00eda en [&hellip;]<\/p>\n","protected":false},"author":1,"featured_media":0,"parent":0,"menu_order":0,"comment_status":"closed","ping_status":"closed","template":"","meta":{"_uag_custom_page_level_css":"","site-sidebar-layout":"no-sidebar","site-content-layout":"plain-container","ast-site-content-layout":"normal-width-container","site-content-style":"default","site-sidebar-style":"unboxed","ast-global-header-display":"","ast-banner-title-visibility":"","ast-main-header-display":"","ast-hfb-above-header-display":"","ast-hfb-below-header-display":"","ast-hfb-mobile-header-display":"","site-post-title":"disabled","ast-breadcrumbs-content":"","ast-featured-img":"disabled","footer-sml-layout":"","ast-disable-related-posts":"","theme-transparent-header-meta":"enabled","adv-header-id-meta":"","stick-header-meta":"","header-above-stick-meta":"","header-main-stick-meta":"","header-below-stick-meta":"","astra-migrate-meta-layouts":"set","ast-page-background-enabled":"default","ast-page-background-meta":{"desktop":{"background-color":"var(--ast-global-color-4)","background-image":"","background-repeat":"repeat","background-position":"center center","background-size":"auto","background-attachment":"scroll","background-type":"","background-media":"","overlay-type":"","overlay-color":"","overlay-opacity":"","overlay-gradient":""},"tablet":{"background-color":"","background-image":"","background-repeat":"repeat","background-position":"center center","background-size":"auto","background-attachment":"scroll","background-type":"","background-media":"","overlay-type":"","overlay-color":"","overlay-opacity":"","overlay-gradient":""},"mobile":{"background-color":"","background-image":"","background-repeat":"repeat","background-position":"center center","background-size":"auto","background-attachment":"scroll","background-type":"","background-media":"","overlay-type":"","overlay-color":"","overlay-opacity":"","overlay-gradient":""}},"ast-content-background-meta":{"desktop":{"background-color":"var(--ast-global-color-5)","background-image":"","background-repeat":"repeat","background-position":"center center","background-size":"auto","background-attachment":"scroll","background-type":"","background-media":"","overlay-type":"","overlay-color":"","overlay-opacity":"","overlay-gradient":""},"tablet":{"background-color":"var(--ast-global-color-5)","background-image":"","background-repeat":"repeat","background-position":"center center","background-size":"auto","background-attachment":"scroll","background-type":"","background-media":"","overlay-type":"","overlay-color":"","overlay-opacity":"","overlay-gradient":""},"mobile":{"background-color":"var(--ast-global-color-5)","background-image":"","background-repeat":"repeat","background-position":"center center","background-size":"auto","background-attachment":"scroll","background-type":"","background-media":"","overlay-type":"","overlay-color":"","overlay-opacity":"","overlay-gradient":""}},"footnotes":""},"class_list":["post-108","page","type-page","status-publish","hentry"],"uagb_featured_image_src":{"full":false,"thumbnail":false,"medium":false,"medium_large":false,"large":false,"thumblist":false,"thumbrelated":false,"meccarouselthumb":false,"gridsquare":false,"tileview":false,"1536x1536":false,"2048x2048":false},"uagb_author_info":{"display_name":"pruebasenac","author_link":"https:\/\/www.enac.unam.mx\/wordpress\/author\/pruebasenac\/"},"uagb_comment_info":0,"uagb_excerpt":"Oferta acad\u00e9mica La Escuela Nacional de Artes Cinematogr\u00e1ficas ofrece una formaci\u00f3n integral con la Licenciatura en Cinematograf\u00eda, la Maestr\u00eda en [&hellip;]","_links":{"self":[{"href":"https:\/\/www.enac.unam.mx\/wordpress\/wp-json\/wp\/v2\/pages\/108","targetHints":{"allow":["GET"]}}],"collection":[{"href":"https:\/\/www.enac.unam.mx\/wordpress\/wp-json\/wp\/v2\/pages"}],"about":[{"href":"https:\/\/www.enac.unam.mx\/wordpress\/wp-json\/wp\/v2\/types\/page"}],"author":[{"embeddable":true,"href":"https:\/\/www.enac.unam.mx\/wordpress\/wp-json\/wp\/v2\/users\/1"}],"replies":[{"embeddable":true,"href":"https:\/\/www.enac.unam.mx\/wordpress\/wp-json\/wp\/v2\/comments?post=108"}],"version-history":[{"count":268,"href":"https:\/\/www.enac.unam.mx\/wordpress\/wp-json\/wp\/v2\/pages\/108\/revisions"}],"predecessor-version":[{"id":4053,"href":"https:\/\/www.enac.unam.mx\/wordpress\/wp-json\/wp\/v2\/pages\/108\/revisions\/4053"}],"wp:attachment":[{"href":"https:\/\/www.enac.unam.mx\/wordpress\/wp-json\/wp\/v2\/media?parent=108"}],"curies":[{"name":"wp","href":"https:\/\/api.w.org\/{rel}","templated":true}]}}